{"id":26621,"date":"2024-10-03T13:10:04","date_gmt":"2024-10-03T20:10:04","guid":{"rendered":"https:\/\/ameripharmaspecialty.com\/wp-content\/uploads\/2024\/10\/doctor-appointment.jpg"},"modified":"2024-10-03T13:10:30","modified_gmt":"2024-10-03T20:10:30","slug":"black-female-pediatrician-talking-to-a-boy-and-his-mother-at-doctors-office","status":"inherit","type":"attachment","link":"https:\/\/ameripharmaspecialty.com\/vi\/hemophilia\/von-willebrand-disease-vs-hemophilia-comparing-the-causes-symptoms-diagnosis-and-treatments\/attachment\/black-female-pediatrician-talking-to-a-boy-and-his-mother-at-doctors-office\/","title":{"rendered":"B\u00e1c s\u0129 nhi khoa \u0111ang n\u00f3i chuy\u1ec7n v\u1edbi m\u1ed9t c\u1eadu b\u00e9 m\u1eafc b\u1ec7nh von Willebrand"},"author":30,"featured_media":0,"comment_status":"closed","ping_status":"closed","template":"","meta":{"_acf_changed":false,"om_disable_all_campaigns":false,"_uag_custom_page_level_css":""},"class_list":["post-26621","attachment","type-attachment","status-inherit","hentry"],"acf":[],"yoast_head":"<!-- This site is optimized with the Yoast SEO Premium plugin v28.4 (Yoast SEO v28.4) - https:\/\/yoast.com\/product\/yoast-seo-premium-wordpress\/ -->\n<title>Pediatrician talking to a boy with von Willebrand disease - AmeriPharma\u00ae Specialty Care<\/title>\n<meta name=\"robots\" content=\"index, follow, max-snippet:-1, max-image-preview:large, max-video-preview:-1\" \/>\n<link rel=\"canonical\" href=\"https:\/\/ameripharmaspecialty.com\/wp-content\/uploads\/2024\/10\/doctor-appointment.jpg\" \/>\n<meta property=\"og:locale\" content=\"vi_VN\" \/>\n<meta property=\"og:type\" content=\"article\" \/>\n<meta property=\"og:title\" content=\"Pediatrician talking to a boy with von Willebrand disease - AmeriPharma\u00ae Specialty Care\" \/>\n<meta property=\"og:description\" content=\"African American female doctor communicating with mother and son during medical examination at pediatrician&#039;s office.\" \/>\n<meta property=\"og:url\" content=\"https:\/\/ameripharmaspecialty.com\/wp-content\/uploads\/2024\/10\/doctor-appointment.jpg\" \/>\n<meta property=\"og:site_name\" content=\"AmeriPharma\u00ae Specialty Care\" \/>\n<meta property=\"article:publisher\" content=\"https:\/\/www.facebook.com\/ameripharma\/\" \/>\n<meta property=\"article:modified_time\" content=\"2024-10-03T20:10:30+00:00\" \/>\n<meta property=\"og:image\" content=\"https:\/\/ameripharmaspecialty.com\/wp-content\/uploads\/2024\/10\/doctor-appointment.jpg\" \/>\n\t<meta property=\"og:image:width\" content=\"1280\" \/>\n\t<meta property=\"og:image:height\" content=\"853\" \/>\n\t<meta property=\"og:image:type\" content=\"image\/jpeg\" \/>\n<meta name=\"twitter:card\" content=\"summary_large_image\" \/>\n<script type=\"application\/ld+json\" class=\"yoast-schema-graph\">{\"@context\":\"https:\\\/\\\/schema.org\",\"@graph\":[{\"@type\":\"WebPage\",\"@id\":\"https:\\\/\\\/ameripharmaspecialty.com\\\/wp-content\\\/uploads\\\/2024\\\/10\\\/doctor-appointment.jpg\",\"url\":\"https:\\\/\\\/ameripharmaspecialty.com\\\/wp-content\\\/uploads\\\/2024\\\/10\\\/doctor-appointment.jpg\",\"name\":\"Pediatrician talking to a boy with von Willebrand disease - AmeriPharma\u00ae Specialty Care\",\"isPartOf\":{\"@id\":\"https:\\\/\\\/ameripharmaspecialty.com\\\/es\\\/#website\"},\"datePublished\":\"2024-10-03T20:10:04+00:00\",\"dateModified\":\"2024-10-03T20:10:30+00:00\",\"breadcrumb\":{\"@id\":\"https:\\\/\\\/ameripharmaspecialty.com\\\/wp-content\\\/uploads\\\/2024\\\/10\\\/doctor-appointment.jpg#breadcrumb\"},\"inLanguage\":\"vi\",\"potentialAction\":[{\"@type\":\"ReadAction\",\"target\":[\"https:\\\/\\\/ameripharmaspecialty.com\\\/wp-content\\\/uploads\\\/2024\\\/10\\\/doctor-appointment.jpg\"]}]},{\"@type\":\"BreadcrumbList\",\"@id\":\"https:\\\/\\\/ameripharmaspecialty.com\\\/wp-content\\\/uploads\\\/2024\\\/10\\\/doctor-appointment.jpg#breadcrumb\",\"itemListElement\":[{\"@type\":\"ListItem\",\"position\":1,\"name\":\"Home\",\"item\":\"https:\\\/\\\/ameripharmaspecialty.com\\\/\"},{\"@type\":\"ListItem\",\"position\":2,\"name\":\"Von Willebrand Disease vs. Hemophilia: Comparing the Causes, Symptoms, Diagnosis, and Treatments\",\"item\":\"https:\\\/\\\/ameripharmaspecialty.com\\\/zh\\\/%e8%a1%80%e5%8f%8b%e7%97%85\\\/%e8%a1%80%e7%ae%a1%e6%80%a7%e8%a1%80%e5%8f%8b%e7%97%85%e4%b8%8e%e8%a1%80%e5%8f%8b%e7%97%85%ef%bc%9a%e7%97%85%e5%9b%a0%e3%80%81%e7%97%87%e7%8a%b6%e3%80%81%e8%af%8a%e6%96%ad%e5%92%8c%e6%b2%bb%e7%96%97\\\/\"},{\"@type\":\"ListItem\",\"position\":3,\"name\":\"Pediatrician talking to a boy with von Willebrand disease\"}]},{\"@type\":\"WebSite\",\"@id\":\"https:\\\/\\\/ameripharmaspecialty.com\\\/es\\\/#website\",\"url\":\"https:\\\/\\\/ameripharmaspecialty.com\\\/es\\\/\",\"name\":\"AmeriPharma\u00ae Specialty Care\",\"description\":\"Specialty Care by AmeriPharma\",\"publisher\":{\"@id\":\"https:\\\/\\\/ameripharmaspecialty.com\\\/es\\\/#organization\"},\"potentialAction\":[{\"@type\":\"SearchAction\",\"target\":{\"@type\":\"EntryPoint\",\"urlTemplate\":\"https:\\\/\\\/ameripharmaspecialty.com\\\/es\\\/?s={search_term_string}\"},\"query-input\":{\"@type\":\"PropertyValueSpecification\",\"valueRequired\":true,\"valueName\":\"search_term_string\"}}],\"inLanguage\":\"vi\"},{\"@type\":\"Organization\",\"@id\":\"https:\\\/\\\/ameripharmaspecialty.com\\\/es\\\/#organization\",\"name\":\"Ameripharma Specialty Care\",\"url\":\"https:\\\/\\\/ameripharmaspecialty.com\\\/es\\\/\",\"logo\":{\"@type\":\"ImageObject\",\"inLanguage\":\"vi\",\"@id\":\"https:\\\/\\\/ameripharmaspecialty.com\\\/es\\\/#\\\/schema\\\/logo\\\/image\\\/\",\"url\":\"https:\\\/\\\/ameripharmaspecialty.com\\\/wp-content\\\/uploads\\\/2024\\\/07\\\/specialty-care-logo-large-square.png\",\"contentUrl\":\"https:\\\/\\\/ameripharmaspecialty.com\\\/wp-content\\\/uploads\\\/2024\\\/07\\\/specialty-care-logo-large-square.png\",\"width\":400,\"height\":400,\"caption\":\"Ameripharma Specialty Care\"},\"image\":{\"@id\":\"https:\\\/\\\/ameripharmaspecialty.com\\\/es\\\/#\\\/schema\\\/logo\\\/image\\\/\"},\"sameAs\":[\"https:\\\/\\\/www.facebook.com\\\/ameripharma\\\/\"]}]}<\/script>\n<!-- \/ Yoast SEO Premium plugin. -->","yoast_head_json":{"title":"Pediatrician talking to a boy with von Willebrand disease - AmeriPharma\u00ae Specialty Care","robots":{"index":"index","follow":"follow","max-snippet":"max-snippet:-1","max-image-preview":"max-image-preview:large","max-video-preview":"max-video-preview:-1"},"canonical":"https:\/\/ameripharmaspecialty.com\/wp-content\/uploads\/2024\/10\/doctor-appointment.jpg","og_locale":"vi_VN","og_type":"article","og_title":"Pediatrician talking to a boy with von Willebrand disease - AmeriPharma\u00ae Specialty Care","og_description":"African American female doctor communicating with mother and son during medical examination at pediatrician's office.","og_url":"https:\/\/ameripharmaspecialty.com\/wp-content\/uploads\/2024\/10\/doctor-appointment.jpg","og_site_name":"AmeriPharma\u00ae Specialty Care","article_publisher":"https:\/\/www.facebook.com\/ameripharma\/","article_modified_time":"2024-10-03T20:10:30+00:00","og_image":[{"width":1280,"height":853,"url":"https:\/\/ameripharmaspecialty.com\/wp-content\/uploads\/2024\/10\/doctor-appointment.jpg","type":"image\/jpeg"}],"twitter_card":"summary_large_image","schema":{"@context":"https:\/\/schema.org","@graph":[{"@type":"WebPage","@id":"https:\/\/ameripharmaspecialty.com\/wp-content\/uploads\/2024\/10\/doctor-appointment.jpg","url":"https:\/\/ameripharmaspecialty.com\/wp-content\/uploads\/2024\/10\/doctor-appointment.jpg","name":"Pediatrician talking to a boy with von Willebrand disease - AmeriPharma\u00ae Specialty Care","isPartOf":{"@id":"https:\/\/ameripharmaspecialty.com\/es\/#website"},"datePublished":"2024-10-03T20:10:04+00:00","dateModified":"2024-10-03T20:10:30+00:00","breadcrumb":{"@id":"https:\/\/ameripharmaspecialty.com\/wp-content\/uploads\/2024\/10\/doctor-appointment.jpg#breadcrumb"},"inLanguage":"vi","potentialAction":[{"@type":"ReadAction","target":["https:\/\/ameripharmaspecialty.com\/wp-content\/uploads\/2024\/10\/doctor-appointment.jpg"]}]},{"@type":"BreadcrumbList","@id":"https:\/\/ameripharmaspecialty.com\/wp-content\/uploads\/2024\/10\/doctor-appointment.jpg#breadcrumb","itemListElement":[{"@type":"ListItem","position":1,"name":"Home","item":"https:\/\/ameripharmaspecialty.com\/"},{"@type":"ListItem","position":2,"name":"Von Willebrand Disease vs. Hemophilia: Comparing the Causes, Symptoms, Diagnosis, and Treatments","item":"https:\/\/ameripharmaspecialty.com\/zh\/%e8%a1%80%e5%8f%8b%e7%97%85\/%e8%a1%80%e7%ae%a1%e6%80%a7%e8%a1%80%e5%8f%8b%e7%97%85%e4%b8%8e%e8%a1%80%e5%8f%8b%e7%97%85%ef%bc%9a%e7%97%85%e5%9b%a0%e3%80%81%e7%97%87%e7%8a%b6%e3%80%81%e8%af%8a%e6%96%ad%e5%92%8c%e6%b2%bb%e7%96%97\/"},{"@type":"ListItem","position":3,"name":"Pediatrician talking to a boy with von Willebrand disease"}]},{"@type":"WebSite","@id":"https:\/\/ameripharmaspecialty.com\/es\/#website","url":"https:\/\/ameripharmaspecialty.com\/es\/","name":"Ch\u0103m s\u00f3c \u0111\u1eb7c bi\u1ec7t AmeriPharma\u00ae","description":"Ch\u0103m s\u00f3c \u0111\u1eb7c bi\u1ec7t c\u1ee7a AmeriPharma","publisher":{"@id":"https:\/\/ameripharmaspecialty.com\/es\/#organization"},"potentialAction":[{"@type":"SearchAction","target":{"@type":"EntryPoint","urlTemplate":"https:\/\/ameripharmaspecialty.com\/es\/?s={search_term_string}"},"query-input":{"@type":"PropertyValueSpecification","valueRequired":true,"valueName":"search_term_string"}}],"inLanguage":"vi"},{"@type":"Organization","@id":"https:\/\/ameripharmaspecialty.com\/es\/#organization","name":"Ch\u0103m s\u00f3c \u0111\u1eb7c bi\u1ec7t Ameripharma","url":"https:\/\/ameripharmaspecialty.com\/es\/","logo":{"@type":"ImageObject","inLanguage":"vi","@id":"https:\/\/ameripharmaspecialty.com\/es\/#\/schema\/logo\/image\/","url":"https:\/\/ameripharmaspecialty.com\/wp-content\/uploads\/2024\/07\/specialty-care-logo-large-square.png","contentUrl":"https:\/\/ameripharmaspecialty.com\/wp-content\/uploads\/2024\/07\/specialty-care-logo-large-square.png","width":400,"height":400,"caption":"Ameripharma Specialty Care"},"image":{"@id":"https:\/\/ameripharmaspecialty.com\/es\/#\/schema\/logo\/image\/"},"sameAs":["https:\/\/www.facebook.com\/ameripharma\/"]}]}},"smush":{"stats":{"time":0.32999999999999996,"bytes":174116,"percent":31.37,"size_before":555092,"size_after":380976,"lossy":0,"keep_exif":0,"api_version":"1.0"},"sizes":{"ct-thumb-large":{"time":0.03,"bytes":14785,"percent":71.09,"size_before":20797,"size_after":6012},"medium":{"time":0.02,"bytes":14832,"percent":51.76,"size_before":28653,"size_after":13821},"thumbnail":{"time":0.01,"bytes":14823,"percent":68.03,"size_before":21788,"size_after":6965},"ct-thumb":{"time":0.01,"bytes":14756,"percent":84.81,"size_before":17398,"size_after":2642},"ct-small":{"time":0.03,"bytes":14855,"percent":54.19,"size_before":27415,"size_after":12560},"ct-gallery":{"time":0.03,"bytes":14804,"percent":48.07,"size_before":30799,"size_after":15995},"ct-medium":{"time":0.03,"bytes":14827,"percent":44.41,"size_before":33385,"size_after":18558},"block-image-html-large":{"time":0.02,"bytes":14655,"percent":28.19,"size_before":51986,"size_after":37331},"medium_large":{"time":0.02,"bytes":14352,"percent":20.95,"size_before":68505,"size_after":54153},"ct-section-header":{"time":0.04,"bytes":13970,"percent":20.55,"size_before":67970,"size_after":54000},"ct-xmedium":{"time":0.04,"bytes":13854,"percent":15.45,"size_before":89652,"size_after":75798},"large":{"time":0.05,"bytes":13603,"percent":14.06,"size_before":96744,"size_after":83141}}},"description":{"rendered":"<p class=\"attachment\"><a href='https:\/\/ameripharmaspecialty.com\/wp-content\/uploads\/2024\/10\/doctor-appointment.jpg'><img loading=\"lazy\" decoding=\"async\" width=\"300\" height=\"200\" src=\"https:\/\/ameripharmaspecialty.com\/wp-content\/uploads\/2024\/10\/doctor-appointment-300x200.jpg\" class=\"attachment-medium size-medium\" alt=\"Pediatrician talking to a boy with von Willebrand disease\" srcset=\"https:\/\/ameripharmaspecialty.com\/wp-content\/uploads\/2024\/10\/doctor-appointment-300x200.jpg 300w, https:\/\/ameripharmaspecialty.com\/wp-content\/uploads\/2024\/10\/doctor-appointment-1024x682.jpg 1024w, https:\/\/ameripharmaspecialty.com\/wp-content\/uploads\/2024\/10\/doctor-appointment-768x512.jpg 768w, https:\/\/ameripharmaspecialty.com\/wp-content\/uploads\/2024\/10\/doctor-appointment-600x400.jpg 600w, https:\/\/ameripharmaspecialty.com\/wp-content\/uploads\/2024\/10\/doctor-appointment-330x220.jpg 330w, https:\/\/ameripharmaspecialty.com\/wp-content\/uploads\/2024\/10\/doctor-appointment-86x57.jpg 86w, https:\/\/ameripharmaspecialty.com\/wp-content\/uploads\/2024\/10\/doctor-appointment-167x111.jpg 167w, https:\/\/ameripharmaspecialty.com\/wp-content\/uploads\/2024\/10\/doctor-appointment-280x187.jpg 280w, https:\/\/ameripharmaspecialty.com\/wp-content\/uploads\/2024\/10\/doctor-appointment-370x247.jpg 370w, https:\/\/ameripharmaspecialty.com\/wp-content\/uploads\/2024\/10\/doctor-appointment-960x640.jpg 960w, https:\/\/ameripharmaspecialty.com\/wp-content\/uploads\/2024\/10\/doctor-appointment.jpg 1280w\" sizes=\"auto, (max-width: 300px) 100vw, 300px\" \/><\/a><\/p>\n"},"caption":{"rendered":"<p>African American female doctor communicating with mother and son during medical examination at pediatrician&#8217;s office.<\/p>\n"},"alt_text":"Pediatrician talking to a boy with von Willebrand disease","media_type":"image","mime_type":"image\/jpeg","media_details":{"width":1280,"height":853,"file":"2024\/10\/doctor-appointment.jpg","filesize":86565,"sizes":{"medium":{"file":"doctor-appointment-300x200.jpg","width":300,"height":200,"filesize":28653,"mime_type":"image\/jpeg","source_url":"https:\/\/ameripharmaspecialty.com\/wp-content\/uploads\/2024\/10\/doctor-appointment-300x200.jpg"},"large":{"file":"doctor-appointment-1024x682.jpg","width":1024,"height":682,"filesize":96744,"mime_type":"image\/jpeg","source_url":"https:\/\/ameripharmaspecialty.com\/wp-content\/uploads\/2024\/10\/doctor-appointment-1024x682.jpg"},"thumbnail":{"file":"doctor-appointment-150x150.jpg","width":150,"height":150,"filesize":21788,"mime_type":"image\/jpeg","source_url":"https:\/\/ameripharmaspecialty.com\/wp-content\/uploads\/2024\/10\/doctor-appointment-150x150.jpg"},"medium_large":{"file":"doctor-appointment-768x512.jpg","width":768,"height":512,"filesize":68505,"mime_type":"image\/jpeg","source_url":"https:\/\/ameripharmaspecialty.com\/wp-content\/uploads\/2024\/10\/doctor-appointment-768x512.jpg"},"block-image-html-large":{"file":"doctor-appointment-600x400.jpg","width":600,"height":400,"filesize":51986,"mime_type":"image\/jpeg","source_url":"https:\/\/ameripharmaspecialty.com\/wp-content\/uploads\/2024\/10\/doctor-appointment-600x400.jpg"},"ct-gallery":{"file":"doctor-appointment-330x220.jpg","width":330,"height":220,"filesize":30799,"mime_type":"image\/jpeg","source_url":"https:\/\/ameripharmaspecialty.com\/wp-content\/uploads\/2024\/10\/doctor-appointment-330x220.jpg"},"ct-section-header":{"file":"doctor-appointment-1146x380.jpg","width":1146,"height":380,"filesize":67970,"mime_type":"image\/jpeg","source_url":"https:\/\/ameripharmaspecialty.com\/wp-content\/uploads\/2024\/10\/doctor-appointment-1146x380.jpg"},"ct-thumb":{"file":"doctor-appointment-86x57.jpg","width":86,"height":57,"filesize":17398,"mime_type":"image\/jpeg","source_url":"https:\/\/ameripharmaspecialty.com\/wp-content\/uploads\/2024\/10\/doctor-appointment-86x57.jpg"},"ct-thumb-large":{"file":"doctor-appointment-167x111.jpg","width":167,"height":111,"filesize":20797,"mime_type":"image\/jpeg","source_url":"https:\/\/ameripharmaspecialty.com\/wp-content\/uploads\/2024\/10\/doctor-appointment-167x111.jpg"},"ct-small":{"file":"doctor-appointment-280x187.jpg","width":280,"height":187,"filesize":27415,"mime_type":"image\/jpeg","source_url":"https:\/\/ameripharmaspecialty.com\/wp-content\/uploads\/2024\/10\/doctor-appointment-280x187.jpg"},"ct-medium":{"file":"doctor-appointment-370x247.jpg","width":370,"height":247,"filesize":33385,"mime_type":"image\/jpeg","source_url":"https:\/\/ameripharmaspecialty.com\/wp-content\/uploads\/2024\/10\/doctor-appointment-370x247.jpg"},"ct-xmedium":{"file":"doctor-appointment-960x640.jpg","width":960,"height":640,"filesize":89652,"mime_type":"image\/jpeg","source_url":"https:\/\/ameripharmaspecialty.com\/wp-content\/uploads\/2024\/10\/doctor-appointment-960x640.jpg"},"full":{"file":"doctor-appointment.jpg","width":1280,"height":853,"mime_type":"image\/jpeg","source_url":"https:\/\/ameripharmaspecialty.com\/wp-content\/uploads\/2024\/10\/doctor-appointment.jpg"}},"image_meta":{"aperture":"1.2","credit":"Getty Images","camera":"Canon EOS R3","caption":"African American female doctor communicating with mother and son during medical examination at pediatrician's office.","created_timestamp":"1727996315","copyright":"photo by drazen zigic","focal_length":"50","iso":"800","shutter_speed":"0.0015625","title":"M\u1ed9t n\u1eef b\u00e1c s\u0129 nhi khoa da \u0111en \u0111ang n\u00f3i chuy\u1ec7n v\u1edbi m\u1ed9t c\u1eadu b\u00e9 v\u00e0 m\u1eb9 c\u1eadu b\u00e9 t\u1ea1i ph\u00f2ng kh\u00e1m.","orientation":"1","keywords":[]}},"post":26619,"source_url":"https:\/\/ameripharmaspecialty.com\/wp-content\/uploads\/2024\/10\/doctor-appointment.jpg","filename":"doctor-appointment.jpg","filesize":86565,"_links":{"self":[{"href":"https:\/\/ameripharmaspecialty.com\/vi\/wp-json\/wp\/v2\/media\/26621","targetHints":{"allow":["GET"]}}],"collection":[{"href":"https:\/\/ameripharmaspecialty.com\/vi\/wp-json\/wp\/v2\/media"}],"about":[{"href":"https:\/\/ameripharmaspecialty.com\/vi\/wp-json\/wp\/v2\/types\/attachment"}],"author":[{"embeddable":true,"href":"https:\/\/ameripharmaspecialty.com\/vi\/wp-json\/wp\/v2\/users\/30"}],"replies":[{"embeddable":true,"href":"https:\/\/ameripharmaspecialty.com\/vi\/wp-json\/wp\/v2\/comments?post=26621"}],"wp:attached-to":[{"embeddable":true,"post_type":"post","id":26619,"href":"https:\/\/ameripharmaspecialty.com\/vi\/wp-json\/wp\/v2\/posts\/26619"}],"curies":[{"name":"wp","href":"https:\/\/api.w.org\/{rel}","templated":true}]}}